{"id":2145,"date":"2026-03-14T17:07:49","date_gmt":"2026-03-14T16:07:49","guid":{"rendered":"https:\/\/premierechance.fr\/?page_id=2145"},"modified":"2026-04-14T11:10:25","modified_gmt":"2026-04-14T09:10:25","slug":"le-programme","status":"publish","type":"page","link":"https:\/\/premierechance.fr\/?page_id=2145","title":{"rendered":"Le programme"},"content":{"rendered":"\t\t<div data-elementor-type=\"wp-page\" data-elementor-id=\"2145\" class=\"elementor elementor-2145\" data-elementor-post-type=\"page\">\n\t\t\t\t<div class=\"elementor-element elementor-element-20be3dc e-flex e-con-boxed e-con e-parent\" data-id=\"20be3dc\" data-element_type=\"container\" data-e-type=\"container\" data-settings=\"{&quot;background_background&quot;:&quot;slideshow&quot;,&quot;background_slideshow_gallery&quot;:[{&quot;id&quot;:2133,&quot;url&quot;:&quot;http:\\\/\\\/premierechance.fr\\\/wp-content\\\/uploads\\\/2026\\\/03\\\/Premiere_Chance_A3C1_2026-01.jpg&quot;}],&quot;background_slideshow_loop&quot;:&quot;yes&quot;,&quot;background_slideshow_slide_duration&quot;:5000,&quot;background_slideshow_slide_transition&quot;:&quot;fade&quot;,&quot;background_slideshow_transition_duration&quot;:500}\">\n\t\t\t\t\t<div class=\"e-con-inner\">\n\t\t\t\t<div class=\"elementor-element elementor-element-7abf591 elementor-widget elementor-widget-heading\" data-id=\"7abf591\" data-element_type=\"widget\" data-e-type=\"widget\" data-widget_type=\"heading.default\">\n\t\t\t\t\t<h2 class=\"elementor-heading-title elementor-size-default\">PROGRAMME D'ACCOMPAGNEMENT<\/h2>\t\t\t\t<\/div>\n\t\t\t\t<div class=\"elementor-element elementor-element-5f7dc24 elementor-widget__width-inherit elementor-widget-mobile__width-initial elementor-widget elementor-widget-heading\" data-id=\"5f7dc24\" data-element_type=\"widget\" data-e-type=\"widget\" data-widget_type=\"heading.default\">\n\t\t\t\t\t<h1 class=\"elementor-heading-title elementor-size-default\">Premi\u00e8re Chance<\/h1>\t\t\t\t<\/div>\n\t\t\t\t<div class=\"elementor-element elementor-element-dcad728 elementor-widget__width-initial elementor-widget elementor-widget-text-editor\" data-id=\"dcad728\" data-element_type=\"widget\" data-e-type=\"widget\" data-widget_type=\"text-editor.default\">\n\t\t\t\t\t\t\t\t\t<p>Premi\u00e8re Chance est un programme d\u2019accompagnement mis en oeuvre \u00e0 Garges-l\u00e8s-Gonesse et destin\u00e9 aux jeunes \u00e0 partir de 16 ans pour les aider \u00e0 mieux se conna\u00eetre, comprendre le monde professionnel et pr\u00e9parer leur insertion.<\/p><p>Le programme propose un parcours progressif m\u00ealant ateliers collectifs et rencontres avec des professionnels.<\/p>\t\t\t\t\t\t\t\t<\/div>\n\t\t\t\t<div class=\"elementor-element elementor-element-b46e866 elementor-align-center elementor-widget elementor-widget-button\" data-id=\"b46e866\" data-element_type=\"widget\" data-e-type=\"widget\" data-widget_type=\"button.default\">\n\t\t\t\t\t\t\t\t\t\t<a class=\"elementor-button elementor-button-link elementor-size-sm\" href=\"https:\/\/premierechance.fr\/?page_id=2017\/#LEPROGRAMME2026\">\n\t\t\t\t\t\t<span class=\"elementor-button-content-wrapper\">\n\t\t\t\t\t\t\t\t\t<span class=\"elementor-button-text\">Voir les prochaines sessions<\/span>\n\t\t\t\t\t<\/span>\n\t\t\t\t\t<\/a>\n\t\t\t\t\t\t\t\t<\/div>\n\t\t\t\t\t<\/div>\n\t\t\t\t<\/div>\n\t\t<div class=\"elementor-element elementor-element-5de8ef0 e-flex e-con-boxed e-con e-parent\" data-id=\"5de8ef0\" data-element_type=\"container\" data-e-type=\"container\">\n\t\t\t\t\t<div class=\"e-con-inner\">\n\t\t\t\t<div class=\"elementor-element elementor-element-447f616 elementor-widget elementor-widget-heading\" data-id=\"447f616\" data-element_type=\"widget\" data-e-type=\"widget\" data-widget_type=\"heading.default\">\n\t\t\t\t\t<h2 class=\"elementor-heading-title elementor-size-default\">Une m\u00e9thode claire<\/h2>\t\t\t\t<\/div>\n\t\t\t\t<div class=\"elementor-element elementor-element-ba31bc1 elementor-widget__width-inherit elementor-widget-mobile__width-initial elementor-widget elementor-widget-heading\" data-id=\"ba31bc1\" data-element_type=\"widget\" data-e-type=\"widget\" data-widget_type=\"heading.default\">\n\t\t\t\t\t<h2 class=\"elementor-heading-title elementor-size-default\">Les objectifs du programme<\/h2>\t\t\t\t<\/div>\n\t\t\t\t<div class=\"elementor-element elementor-element-a65a660 elementor-widget__width-initial elementor-widget elementor-widget-text-editor\" data-id=\"a65a660\" data-element_type=\"widget\" data-e-type=\"widget\" data-widget_type=\"text-editor.default\">\n\t\t\t\t\t\t\t\t\t<p class=\"p1\">Premi\u00e8re Chance a \u00e9t\u00e9 con\u00e7u pour aider les jeunes \u00e0 reprendre confiance,<\/p><p class=\"p1\">d\u00e9velopper leurs comp\u00e9tences et avancer concr\u00e8tement vers l\u2019emploi,<\/p><p class=\"p1\">l\u2019alternance ou la formation.<\/p>\t\t\t\t\t\t\t\t<\/div>\n\t\t\t\t\t<\/div>\n\t\t\t\t<\/div>\n\t\t<div class=\"elementor-element elementor-element-f700fa2 e-grid e-con-boxed e-con e-parent\" data-id=\"f700fa2\" data-element_type=\"container\" data-e-type=\"container\">\n\t\t\t\t\t<div class=\"e-con-inner\">\n\t\t\t\t<div class=\"elementor-element elementor-element-d847c3a elementor-view-default elementor-position-block-start elementor-mobile-position-block-start elementor-widget elementor-widget-icon-box\" data-id=\"d847c3a\" data-element_type=\"widget\" data-e-type=\"widget\" data-widget_type=\"icon-box.default\">\n\t\t\t\t\t\t\t<div class=\"elementor-icon-box-wrapper\">\n\n\t\t\t\t\t\t<div class=\"elementor-icon-box-icon\">\n\t\t\t\t<span  class=\"elementor-icon\">\n\t\t\t\t<svg aria-hidden=\"true\" class=\"e-font-icon-svg e-far-compass\" viewBox=\"0 0 496 512\" xmlns=\"http:\/\/www.w3.org\/2000\/svg\"><path d=\"M347.94 129.86L203.6 195.83a31.938 31.938 0 0 0-15.77 15.77l-65.97 144.34c-7.61 16.65 9.54 33.81 26.2 26.2l144.34-65.97a31.938 31.938 0 0 0 15.77-15.77l65.97-144.34c7.61-16.66-9.54-33.81-26.2-26.2zm-77.36 148.72c-12.47 12.47-32.69 12.47-45.16 0-12.47-12.47-12.47-32.69 0-45.16 12.47-12.47 32.69-12.47 45.16 0 12.47 12.47 12.47 32.69 0 45.16zM248 8C111.03 8 0 119.03 0 256s111.03 248 248 248 248-111.03 248-248S384.97 8 248 8zm0 448c-110.28 0-200-89.72-200-200S137.72 56 248 56s200 89.72 200 200-89.72 200-200 200z\"><\/path><\/svg>\t\t\t\t<\/span>\n\t\t\t<\/div>\n\t\t\t\n\t\t\t\t\t\t<div class=\"elementor-icon-box-content\">\n\n\t\t\t\t\t\t\t\t\t<h3 class=\"elementor-icon-box-title\">\n\t\t\t\t\t\t<span  >\n\t\t\t\t\t\t\tReprendre confiance\t\t\t\t\t\t<\/span>\n\t\t\t\t\t<\/h3>\n\t\t\t\t\n\t\t\t\t\t\t\t\t\t<p class=\"elementor-icon-box-description\">\n\t\t\t\t\t\tAider les jeunes \u00e0 mieux se conna\u00eetre,\n\u00e0 reprendre confiance\net \u00e0 se projeter dans l\u2019avenir.\t\t\t\t\t<\/p>\n\t\t\t\t\n\t\t\t<\/div>\n\t\t\t\n\t\t<\/div>\n\t\t\t\t\t\t<\/div>\n\t\t\t\t<div class=\"elementor-element elementor-element-e9c9940 elementor-view-default elementor-position-block-start elementor-mobile-position-block-start elementor-widget elementor-widget-icon-box\" data-id=\"e9c9940\" data-element_type=\"widget\" data-e-type=\"widget\" data-widget_type=\"icon-box.default\">\n\t\t\t\t\t\t\t<div class=\"elementor-icon-box-wrapper\">\n\n\t\t\t\t\t\t<div class=\"elementor-icon-box-icon\">\n\t\t\t\t<span  class=\"elementor-icon\">\n\t\t\t\t<svg aria-hidden=\"true\" class=\"e-font-icon-svg e-fas-briefcase\" viewBox=\"0 0 512 512\" xmlns=\"http:\/\/www.w3.org\/2000\/svg\"><path d=\"M320 336c0 8.84-7.16 16-16 16h-96c-8.84 0-16-7.16-16-16v-48H0v144c0 25.6 22.4 48 48 48h416c25.6 0 48-22.4 48-48V288H320v48zm144-208h-80V80c0-25.6-22.4-48-48-48H176c-25.6 0-48 22.4-48 48v48H48c-25.6 0-48 22.4-48 48v80h512v-80c0-25.6-22.4-48-48-48zm-144 0H192V96h128v32z\"><\/path><\/svg>\t\t\t\t<\/span>\n\t\t\t<\/div>\n\t\t\t\n\t\t\t\t\t\t<div class=\"elementor-icon-box-content\">\n\n\t\t\t\t\t\t\t\t\t<h3 class=\"elementor-icon-box-title\">\n\t\t\t\t\t\t<span  >\n\t\t\t\t\t\t\tD\u00e9velopper des comp\u00e9tences utiles\t\t\t\t\t\t<\/span>\n\t\t\t\t\t<\/h3>\n\t\t\t\t\n\t\t\t\t\t\t\t\t\t<p class=\"elementor-icon-box-description\">\n\t\t\t\t\t\tApprendre \u00e0 communiquer,\n\u00e0 travailler en \u00e9quipe,\n\u00e0 pr\u00e9parer une candidature\net \u00e0 se pr\u00e9senter avec assurance.\t\t\t\t\t<\/p>\n\t\t\t\t\n\t\t\t<\/div>\n\t\t\t\n\t\t<\/div>\n\t\t\t\t\t\t<\/div>\n\t\t\t\t<div class=\"elementor-element elementor-element-320461f elementor-view-default elementor-position-block-start elementor-mobile-position-block-start elementor-widget elementor-widget-icon-box\" data-id=\"320461f\" data-element_type=\"widget\" data-e-type=\"widget\" data-widget_type=\"icon-box.default\">\n\t\t\t\t\t\t\t<div class=\"elementor-icon-box-wrapper\">\n\n\t\t\t\t\t\t<div class=\"elementor-icon-box-icon\">\n\t\t\t\t<span  class=\"elementor-icon\">\n\t\t\t\t<svg aria-hidden=\"true\" class=\"e-font-icon-svg e-fas-handshake\" viewBox=\"0 0 640 512\" xmlns=\"http:\/\/www.w3.org\/2000\/svg\"><path d=\"M434.7 64h-85.9c-8 0-15.7 3-21.6 8.4l-98.3 90c-.1.1-.2.3-.3.4-16.6 15.6-16.3 40.5-2.1 56 12.7 13.9 39.4 17.6 56.1 2.7.1-.1.3-.1.4-.2l79.9-73.2c6.5-5.9 16.7-5.5 22.6 1 6 6.5 5.5 16.6-1 22.6l-26.1 23.9L504 313.8c2.9 2.4 5.5 5 7.9 7.7V128l-54.6-54.6c-5.9-6-14.1-9.4-22.6-9.4zM544 128.2v223.9c0 17.7 14.3 32 32 32h64V128.2h-96zm48 223.9c-8.8 0-16-7.2-16-16s7.2-16 16-16 16 7.2 16 16-7.2 16-16 16zM0 384h64c17.7 0 32-14.3 32-32V128.2H0V384zm48-63.9c8.8 0 16 7.2 16 16s-7.2 16-16 16-16-7.2-16-16c0-8.9 7.2-16 16-16zm435.9 18.6L334.6 217.5l-30 27.5c-29.7 27.1-75.2 24.5-101.7-4.4-26.9-29.4-24.8-74.9 4.4-101.7L289.1 64h-83.8c-8.5 0-16.6 3.4-22.6 9.4L128 128v223.9h18.3l90.5 81.9c27.4 22.3 67.7 18.1 90-9.3l.2-.2 17.9 15.5c15.9 13 39.4 10.5 52.3-5.4l31.4-38.6 5.4 4.4c13.7 11.1 33.9 9.1 45-4.7l9.5-11.7c11.2-13.8 9.1-33.9-4.6-45.1z\"><\/path><\/svg>\t\t\t\t<\/span>\n\t\t\t<\/div>\n\t\t\t\n\t\t\t\t\t\t<div class=\"elementor-icon-box-content\">\n\n\t\t\t\t\t\t\t\t\t<h3 class=\"elementor-icon-box-title\">\n\t\t\t\t\t\t<span  >\n\t\t\t\t\t\t\tAvancer vers une insertion\t\t\t\t\t\t<\/span>\n\t\t\t\t\t<\/h3>\n\t\t\t\t\n\t\t\t\t\t\t\t\t\t<p class=\"elementor-icon-box-description\">\n\t\t\t\t\t\tFaciliter l\u2019acc\u00e8s \u00e0 un stage,\nune alternance, une formation\nou un premier emploi,\ngr\u00e2ce \u00e0 un accompagnement concret.\t\t\t\t\t<\/p>\n\t\t\t\t\n\t\t\t<\/div>\n\t\t\t\n\t\t<\/div>\n\t\t\t\t\t\t<\/div>\n\t\t\t\t\t<\/div>\n\t\t\t\t<\/div>\n\t\t<div class=\"elementor-element elementor-element-1014312 e-con-full e-flex e-con e-parent\" data-id=\"1014312\" data-element_type=\"container\" data-e-type=\"container\">\n\t\t\t\t<div class=\"elementor-element elementor-element-c7504e9 elementor-widget elementor-widget-heading\" data-id=\"c7504e9\" data-element_type=\"widget\" data-e-type=\"widget\" data-widget_type=\"heading.default\">\n\t\t\t\t\t<h2 class=\"elementor-heading-title elementor-size-default\">Une m\u00e9thode structur\u00e9e<\/h2>\t\t\t\t<\/div>\n\t\t\t\t<div class=\"elementor-element elementor-element-20f7ce8 elementor-widget__width-inherit elementor-widget-mobile__width-initial elementor-widget elementor-widget-heading\" data-id=\"20f7ce8\" data-element_type=\"widget\" data-e-type=\"widget\" data-widget_type=\"heading.default\">\n\t\t\t\t\t<h2 class=\"elementor-heading-title elementor-size-default\">Les pilliers du programme<\/h2>\t\t\t\t<\/div>\n\t\t\t\t<div class=\"elementor-element elementor-element-fcaa242 elementor-widget__width-initial elementor-widget elementor-widget-text-editor\" data-id=\"fcaa242\" data-element_type=\"widget\" data-e-type=\"widget\" data-widget_type=\"text-editor.default\">\n\t\t\t\t\t\t\t\t\t<p class=\"p1\">Le programme Premi\u00e8re Chance repose sur trois axes compl\u00e9mentaires qui permettent aux jeunes de mieux se conna\u00eetre, comprendre le monde professionnel et pr\u00e9parer concr\u00e8tement leur insertion.<\/p>\t\t\t\t\t\t\t\t<\/div>\n\t\t<div class=\"elementor-element elementor-element-e5999cb e-grid e-con-full e-con e-child\" data-id=\"e5999cb\" data-element_type=\"container\" data-e-type=\"container\">\n\t\t\t\t<div class=\"elementor-element elementor-element-fc874fa elementor-view-default elementor-position-block-start elementor-mobile-position-block-start elementor-widget elementor-widget-icon-box\" data-id=\"fc874fa\" data-element_type=\"widget\" data-e-type=\"widget\" data-widget_type=\"icon-box.default\">\n\t\t\t\t\t\t\t<div class=\"elementor-icon-box-wrapper\">\n\n\t\t\t\t\t\t<div class=\"elementor-icon-box-icon\">\n\t\t\t\t<span  class=\"elementor-icon\">\n\t\t\t\t<i aria-hidden=\"true\" class=\"xlmetriz metriz-user\"><\/i>\t\t\t\t<\/span>\n\t\t\t<\/div>\n\t\t\t\n\t\t\t\t\t\t<div class=\"elementor-icon-box-content\">\n\n\t\t\t\t\t\t\t\t\t<h3 class=\"elementor-icon-box-title\">\n\t\t\t\t\t\t<span  >\n\t\t\t\t\t\t\tSe conna\u00eetre\t\t\t\t\t\t<\/span>\n\t\t\t\t\t<\/h3>\n\t\t\t\t\n\t\t\t\t\t\t\t\t\t<p class=\"elementor-icon-box-description\">\n\t\t\t\t\t\tD\u00e9couvrir ses forces, ses motivations et ses talents afin de construire un projet professionnel coh\u00e9rent.\t\t\t\t\t<\/p>\n\t\t\t\t\n\t\t\t<\/div>\n\t\t\t\n\t\t<\/div>\n\t\t\t\t\t\t<\/div>\n\t\t\t\t<div class=\"elementor-element elementor-element-5de34f9 elementor-view-default elementor-position-block-start elementor-mobile-position-block-start elementor-widget elementor-widget-icon-box\" data-id=\"5de34f9\" data-element_type=\"widget\" data-e-type=\"widget\" data-widget_type=\"icon-box.default\">\n\t\t\t\t\t\t\t<div class=\"elementor-icon-box-wrapper\">\n\n\t\t\t\t\t\t<div class=\"elementor-icon-box-icon\">\n\t\t\t\t<span  class=\"elementor-icon\">\n\t\t\t\t<i aria-hidden=\"true\" class=\"phl phlight-files\"><\/i>\t\t\t\t<\/span>\n\t\t\t<\/div>\n\t\t\t\n\t\t\t\t\t\t<div class=\"elementor-icon-box-content\">\n\n\t\t\t\t\t\t\t\t\t<h3 class=\"elementor-icon-box-title\">\n\t\t\t\t\t\t<span  >\n\t\t\t\t\t\t\tConstruire sa candidature\t\t\t\t\t\t<\/span>\n\t\t\t\t\t<\/h3>\n\t\t\t\t\n\t\t\t\t\t\t\t\t\t<p class=\"elementor-icon-box-description\">\n\t\t\t\t\t\tApprendre \u00e0 r\u00e9diger un CV, pr\u00e9parer une candidature et d\u00e9velopper les comp\u00e9tences n\u00e9cessaires pour convaincre un recruteur.\t\t\t\t\t<\/p>\n\t\t\t\t\n\t\t\t<\/div>\n\t\t\t\n\t\t<\/div>\n\t\t\t\t\t\t<\/div>\n\t\t\t\t<div class=\"elementor-element elementor-element-99e72d8 elementor-view-default elementor-position-block-start elementor-mobile-position-block-start elementor-widget elementor-widget-icon-box\" data-id=\"99e72d8\" data-element_type=\"widget\" data-e-type=\"widget\" data-widget_type=\"icon-box.default\">\n\t\t\t\t\t\t\t<div class=\"elementor-icon-box-wrapper\">\n\n\t\t\t\t\t\t<div class=\"elementor-icon-box-icon\">\n\t\t\t\t<span  class=\"elementor-icon\">\n\t\t\t\t<i aria-hidden=\"true\" class=\"xlio ion-ios-bowtie\"><\/i>\t\t\t\t<\/span>\n\t\t\t<\/div>\n\t\t\t\n\t\t\t\t\t\t<div class=\"elementor-icon-box-content\">\n\n\t\t\t\t\t\t\t\t\t<h3 class=\"elementor-icon-box-title\">\n\t\t\t\t\t\t<span  >\n\t\t\t\t\t\t\tComprendre l'entreprise\t\t\t\t\t\t<\/span>\n\t\t\t\t\t<\/h3>\n\t\t\t\t\n\t\t\t\t\t\t\t\t\t<p class=\"elementor-icon-box-description\">\n\t\t\t\t\t\tD\u00e9couvrir les r\u00e8gles du monde professionnel, les attentes des entreprises et les comportements attendus au travail.\t\t\t\t\t<\/p>\n\t\t\t\t\n\t\t\t<\/div>\n\t\t\t\n\t\t<\/div>\n\t\t\t\t\t\t<\/div>\n\t\t\t\t<\/div>\n\t\t\t\t<\/div>\n\t\t<div class=\"elementor-element elementor-element-3647061 e-flex e-con-boxed e-con e-parent\" data-id=\"3647061\" data-element_type=\"container\" data-e-type=\"container\">\n\t\t\t\t\t<div class=\"e-con-inner\">\n\t\t\t\t<div class=\"elementor-element elementor-element-89d8485 elementor-widget elementor-widget-heading\" data-id=\"89d8485\" data-element_type=\"widget\" data-e-type=\"widget\" data-widget_type=\"heading.default\">\n\t\t\t\t\t<h2 class=\"elementor-heading-title elementor-size-default\">Un parcours progressif<\/h2>\t\t\t\t<\/div>\n\t\t\t\t<div class=\"elementor-element elementor-element-fe57e77 elementor-widget__width-inherit elementor-widget-mobile__width-initial elementor-widget elementor-widget-heading\" data-id=\"fe57e77\" data-element_type=\"widget\" data-e-type=\"widget\" data-widget_type=\"heading.default\">\n\t\t\t\t\t<h2 class=\"elementor-heading-title elementor-size-default\">Le d\u00e9roulement du programme<\/h2>\t\t\t\t<\/div>\n\t\t\t\t<div class=\"elementor-element elementor-element-edfc574 elementor-widget__width-initial elementor-widget elementor-widget-text-editor\" data-id=\"edfc574\" data-element_type=\"widget\" data-e-type=\"widget\" data-widget_type=\"text-editor.default\">\n\t\t\t\t\t\t\t\t\t<p class=\"p1\">Premi\u00e8re Chance se d\u00e9roule sur plusieurs semaines, \u00e0 travers des ateliers collectifs anim\u00e9s par des professionnels. Chaque s\u00e9ance permet aux jeunes de progresser \u00e9tape par \u00e9tape dans la construction de leur avenir professionnel.<\/p>\t\t\t\t\t\t\t\t<\/div>\n\t\t<div class=\"elementor-element elementor-element-dad2be9 e-grid e-con-full e-con e-child\" data-id=\"dad2be9\" data-element_type=\"container\" data-e-type=\"container\">\n\t\t\t\t<div class=\"elementor-element elementor-element-191eb22 elementor-view-default elementor-position-block-start elementor-mobile-position-block-start elementor-widget elementor-widget-icon-box\" data-id=\"191eb22\" data-element_type=\"widget\" data-e-type=\"widget\" data-widget_type=\"icon-box.default\">\n\t\t\t\t\t\t\t<div class=\"elementor-icon-box-wrapper\">\n\n\t\t\t\t\t\t<div class=\"elementor-icon-box-icon\">\n\t\t\t\t<span  class=\"elementor-icon\">\n\t\t\t\t<svg aria-hidden=\"true\" class=\"e-font-icon-svg e-fas-calendar-alt\" viewBox=\"0 0 448 512\" xmlns=\"http:\/\/www.w3.org\/2000\/svg\"><path d=\"M0 464c0 26.5 21.5 48 48 48h352c26.5 0 48-21.5 48-48V192H0v272zm320-196c0-6.6 5.4-12 12-12h40c6.6 0 12 5.4 12 12v40c0 6.6-5.4 12-12 12h-40c-6.6 0-12-5.4-12-12v-40zm0 128c0-6.6 5.4-12 12-12h40c6.6 0 12 5.4 12 12v40c0 6.6-5.4 12-12 12h-40c-6.6 0-12-5.4-12-12v-40zM192 268c0-6.6 5.4-12 12-12h40c6.6 0 12 5.4 12 12v40c0 6.6-5.4 12-12 12h-40c-6.6 0-12-5.4-12-12v-40zm0 128c0-6.6 5.4-12 12-12h40c6.6 0 12 5.4 12 12v40c0 6.6-5.4 12-12 12h-40c-6.6 0-12-5.4-12-12v-40zM64 268c0-6.6 5.4-12 12-12h40c6.6 0 12 5.4 12 12v40c0 6.6-5.4 12-12 12H76c-6.6 0-12-5.4-12-12v-40zm0 128c0-6.6 5.4-12 12-12h40c6.6 0 12 5.4 12 12v40c0 6.6-5.4 12-12 12H76c-6.6 0-12-5.4-12-12v-40zM400 64h-48V16c0-8.8-7.2-16-16-16h-32c-8.8 0-16 7.2-16 16v48H160V16c0-8.8-7.2-16-16-16h-32c-8.8 0-16 7.2-16 16v48H48C21.5 64 0 85.5 0 112v48h448v-48c0-26.5-21.5-48-48-48z\"><\/path><\/svg>\t\t\t\t<\/span>\n\t\t\t<\/div>\n\t\t\t\n\t\t\t\t\t\t<div class=\"elementor-icon-box-content\">\n\n\t\t\t\t\t\t\t\t\t<h3 class=\"elementor-icon-box-title\">\n\t\t\t\t\t\t<span  >\n\t\t\t\t\t\t\tDur\u00e9e du cycle\t\t\t\t\t\t<\/span>\n\t\t\t\t\t<\/h3>\n\t\t\t\t\n\t\t\t\t\t\t\t\t\t<p class=\"elementor-icon-box-description\">\n\t\t\t\t\t\t4 mois\t\t\t\t\t<\/p>\n\t\t\t\t\n\t\t\t<\/div>\n\t\t\t\n\t\t<\/div>\n\t\t\t\t\t\t<\/div>\n\t\t\t\t<div class=\"elementor-element elementor-element-9bd6fab elementor-view-default elementor-position-block-start elementor-mobile-position-block-start elementor-widget elementor-widget-icon-box\" data-id=\"9bd6fab\" data-element_type=\"widget\" data-e-type=\"widget\" data-widget_type=\"icon-box.default\">\n\t\t\t\t\t\t\t<div class=\"elementor-icon-box-wrapper\">\n\n\t\t\t\t\t\t<div class=\"elementor-icon-box-icon\">\n\t\t\t\t<span  class=\"elementor-icon\">\n\t\t\t\t<svg aria-hidden=\"true\" class=\"e-font-icon-svg e-fas-clock\" viewBox=\"0 0 512 512\" xmlns=\"http:\/\/www.w3.org\/2000\/svg\"><path d=\"M256,8C119,8,8,119,8,256S119,504,256,504,504,393,504,256,393,8,256,8Zm92.49,313h0l-20,25a16,16,0,0,1-22.49,2.5h0l-67-49.72a40,40,0,0,1-15-31.23V112a16,16,0,0,1,16-16h32a16,16,0,0,1,16,16V256l58,42.5A16,16,0,0,1,348.49,321Z\"><\/path><\/svg>\t\t\t\t<\/span>\n\t\t\t<\/div>\n\t\t\t\n\t\t\t\t\t\t<div class=\"elementor-icon-box-content\">\n\n\t\t\t\t\t\t\t\t\t<h3 class=\"elementor-icon-box-title\">\n\t\t\t\t\t\t<span  >\n\t\t\t\t\t\t\tRythme\t\t\t\t\t\t<\/span>\n\t\t\t\t\t<\/h3>\n\t\t\t\t\n\t\t\t\t\t\t\t\t\t<p class=\"elementor-icon-box-description\">\n\t\t\t\t\t\tLe samedi, de 14h \u00e0 16h\npour un total de 8 rencontres\t\t\t\t\t<\/p>\n\t\t\t\t\n\t\t\t<\/div>\n\t\t\t\n\t\t<\/div>\n\t\t\t\t\t\t<\/div>\n\t\t\t\t<div class=\"elementor-element elementor-element-ed406ff elementor-view-default elementor-position-block-start elementor-mobile-position-block-start elementor-widget elementor-widget-icon-box\" data-id=\"ed406ff\" data-element_type=\"widget\" data-e-type=\"widget\" data-widget_type=\"icon-box.default\">\n\t\t\t\t\t\t\t<div class=\"elementor-icon-box-wrapper\">\n\n\t\t\t\t\t\t<div class=\"elementor-icon-box-icon\">\n\t\t\t\t<span  class=\"elementor-icon\">\n\t\t\t\t<i aria-hidden=\"true\" class=\"material-icons md-group\"><\/i>\t\t\t\t<\/span>\n\t\t\t<\/div>\n\t\t\t\n\t\t\t\t\t\t<div class=\"elementor-icon-box-content\">\n\n\t\t\t\t\t\t\t\t\t<h3 class=\"elementor-icon-box-title\">\n\t\t\t\t\t\t<span  >\n\t\t\t\t\t\t\tFormat\t\t\t\t\t\t<\/span>\n\t\t\t\t\t<\/h3>\n\t\t\t\t\n\t\t\t\t\t\t\t\t\t<p class=\"elementor-icon-box-description\">\n\t\t\t\t\t\t8 ateliers progressifs anim\u00e9s par des professionnels\t\t\t\t\t<\/p>\n\t\t\t\t\n\t\t\t<\/div>\n\t\t\t\n\t\t<\/div>\n\t\t\t\t\t\t<\/div>\n\t\t\t\t<\/div>\n\t\t\t\t\t<\/div>\n\t\t\t\t<\/div>\n\t\t<div class=\"elementor-element elementor-element-6df396d e-flex e-con-boxed e-con e-parent\" data-id=\"6df396d\" data-element_type=\"container\" data-e-type=\"container\">\n\t\t\t\t\t<div class=\"e-con-inner\">\n\t\t<div class=\"elementor-element elementor-element-058612d e-con-full e-flex e-con e-child\" data-id=\"058612d\" data-element_type=\"container\" data-e-type=\"container\">\n\t\t\t\t<div class=\"elementor-element elementor-element-d10a0af elementor-widget elementor-widget-image\" data-id=\"d10a0af\" data-element_type=\"widget\" data-e-type=\"widget\" data-widget_type=\"image.default\">\n\t\t\t\t\t\t\t\t\t\t\t\t\t\t\t<img fetchpriority=\"high\" decoding=\"async\" width=\"800\" height=\"580\" src=\"https:\/\/premierechance.fr\/wp-content\/uploads\/2026\/03\/Premiere_Chance_-16-copie-1024x742.jpg\" class=\"attachment-large size-large wp-image-2207\" alt=\"\" srcset=\"https:\/\/premierechance.fr\/wp-content\/uploads\/2026\/03\/Premiere_Chance_-16-copie-1024x742.jpg 1024w, https:\/\/premierechance.fr\/wp-content\/uploads\/2026\/03\/Premiere_Chance_-16-copie-300x217.jpg 300w, https:\/\/premierechance.fr\/wp-content\/uploads\/2026\/03\/Premiere_Chance_-16-copie-768x556.jpg 768w, https:\/\/premierechance.fr\/wp-content\/uploads\/2026\/03\/Premiere_Chance_-16-copie.jpg 1280w\" sizes=\"(max-width: 800px) 100vw, 800px\" \/>\t\t\t\t\t\t\t\t\t\t\t\t\t\t\t<\/div>\n\t\t\t\t<\/div>\n\t\t<div class=\"elementor-element elementor-element-25dc70d e-con-full e-flex e-con e-child\" data-id=\"25dc70d\" data-element_type=\"container\" data-e-type=\"container\">\n\t\t\t\t<div class=\"elementor-element elementor-element-9f73a21 elementor-widget elementor-widget-heading\" data-id=\"9f73a21\" data-element_type=\"widget\" data-e-type=\"widget\" data-widget_type=\"heading.default\">\n\t\t\t\t\t<h2 class=\"elementor-heading-title elementor-size-default\">Un cycle de plusieurs ateliers<\/h2>\t\t\t\t<\/div>\n\t\t\t\t<div class=\"elementor-element elementor-element-71a5087 elementor-widget elementor-widget-text-editor\" data-id=\"71a5087\" data-element_type=\"widget\" data-e-type=\"widget\" data-widget_type=\"text-editor.default\">\n\t\t\t\t\t\t\t\t\t<ul>\n<li>Atelier 1 : Se conna\u00eetre pour mieux s&rsquo;orienter part.1<\/li>\n<\/ul>\n<p>=&gt; Identifier ses forces, motivations et valeurs.<\/p>\n<ul>\n<li>Atelier 2 : \u00c9crire pour mieux se faire entendre<\/li>\n<\/ul>\n<p>=&gt; Affirmer sa voix \u00e0 l\u2019\u00e9crit comme \u00e0 l\u2019oral.<\/p>\n<ul>\n<li>Atelier 3 : Se conna\u00eetre pour mieux s&rsquo;orienter part.2<\/li>\n<\/ul>\n<p>=&gt; D\u00e9couverte de personnalit\u00e9 avec un test psychologique.<\/p>\n<ul>\n<li>Atelier 4 : Pr\u00e9parer sa candidature<\/li>\n<\/ul>\n<p>=&gt; D\u00e9couvrir l\u2019entreprise et s\u2019affirmer sur le march\u00e9.<\/p>\n<ul>\n<li>Atelier 5 : Comment convaincre ? (soft skills)<\/li>\n<\/ul>\n<p>=&gt; Conna\u00eetre ses comp\u00e9tences comportementales.<\/p>\n<ul>\n<li>Atelier 6 : L\u2019entretien d\u2019embauche<\/li>\n<\/ul>\n<p>=&gt; Pr\u00e9pare-toi \u00e0 d\u00e9velopper ton pitch personnel.<\/p>\n<ul>\n<li>Atelier 7 : Droits et devoirs en entreprise<\/li>\n<\/ul>\n<p>=&gt; \u00catre sensibilis\u00e9 aux bases du droit du travail.<\/p>\n<ul>\n<li>Atelier 8 : Relations et posture en entreprise<\/li>\n<\/ul>\n<p>=&gt; S\u2019int\u00e9grer et \u00e9voluer durablement<\/p>\t\t\t\t\t\t\t\t<\/div>\n\t\t\t\t<\/div>\n\t\t\t\t\t<\/div>\n\t\t\t\t<\/div>\n\t\t<div class=\"elementor-element elementor-element-bc20f92 e-flex e-con-boxed e-con e-parent\" data-id=\"bc20f92\" data-element_type=\"container\" data-e-type=\"container\">\n\t\t\t\t\t<div class=\"e-con-inner\">\n\t\t\t\t<div class=\"elementor-element elementor-element-6496032 elementor-widget__width-inherit elementor-widget elementor-widget-text-editor\" data-id=\"6496032\" data-element_type=\"widget\" data-e-type=\"widget\" data-widget_type=\"text-editor.default\">\n\t\t\t\t\t\t\t\t\t<p>Chaque atelier permet aux jeunes d\u2019avancer concr\u00e8tement, \u00e0 leur rythme, dans un cadre bienveillant et structur\u00e9.<\/p>\t\t\t\t\t\t\t\t<\/div>\n\t\t\t\t\t<\/div>\n\t\t\t\t<\/div>\n\t\t<div class=\"elementor-element elementor-element-2fde0c6 e-flex e-con-boxed e-con e-parent\" data-id=\"2fde0c6\" data-element_type=\"container\" data-e-type=\"container\" data-settings=\"{&quot;background_background&quot;:&quot;slideshow&quot;,&quot;background_slideshow_gallery&quot;:[{&quot;id&quot;:2138,&quot;url&quot;:&quot;http:\\\/\\\/premierechance.fr\\\/wp-content\\\/uploads\\\/2026\\\/03\\\/Premiere_Chance_A3C1_2026-04-copie.jpg&quot;},{&quot;id&quot;:2115,&quot;url&quot;:&quot;http:\\\/\\\/premierechance.fr\\\/wp-content\\\/uploads\\\/2026\\\/03\\\/Premiere_Chance_A3C1_2026-07.jpg&quot;},{&quot;id&quot;:2104,&quot;url&quot;:&quot;http:\\\/\\\/premierechance.fr\\\/wp-content\\\/uploads\\\/2026\\\/03\\\/Premiere_Chance_A3C1_2026-08.jpg&quot;}],&quot;background_slideshow_loop&quot;:&quot;yes&quot;,&quot;background_slideshow_slide_duration&quot;:5000,&quot;background_slideshow_slide_transition&quot;:&quot;fade&quot;,&quot;background_slideshow_transition_duration&quot;:500}\">\n\t\t\t\t\t<div class=\"e-con-inner\">\n\t\t\t\t<div class=\"elementor-element elementor-element-3a0e9a2 elementor-widget elementor-widget-heading\" data-id=\"3a0e9a2\" data-element_type=\"widget\" data-e-type=\"widget\" data-widget_type=\"heading.default\">\n\t\t\t\t\t<h2 class=\"elementor-heading-title elementor-size-default\">Rejoindre le Programme<\/h2>\t\t\t\t<\/div>\n\t\t\t\t<div class=\"elementor-element elementor-element-852ef23 elementor-widget-mobile__width-initial elementor-widget elementor-widget-heading\" data-id=\"852ef23\" data-element_type=\"widget\" data-e-type=\"widget\" data-widget_type=\"heading.default\">\n\t\t\t\t\t<h2 class=\"elementor-heading-title elementor-size-default\">Pr\u00eat \u00e0 rejoindre premi\u00e8re chance ?<\/h2>\t\t\t\t<\/div>\n\t\t\t\t<div class=\"elementor-element elementor-element-a7faeb2 elementor-widget-mobile__width-inherit elementor-widget elementor-widget-text-editor\" data-id=\"a7faeb2\" data-element_type=\"widget\" data-e-type=\"widget\" data-widget_type=\"text-editor.default\">\n\t\t\t\t\t\t\t\t\t<p class=\"p1\">Le programme est gratuit et les places sont limit\u00e9es.<\/p><p class=\"p1\">Rejoins un parcours concret pour construire ton avenir professionnel.<\/p>\t\t\t\t\t\t\t\t<\/div>\n\t\t\t\t<div class=\"elementor-element elementor-element-da07bb3 elementor-align-center elementor-widget-mobile__width-inherit elementor-widget elementor-widget-button\" data-id=\"da07bb3\" data-element_type=\"widget\" data-e-type=\"widget\" data-widget_type=\"button.default\">\n\t\t\t\t\t\t\t\t\t\t<a class=\"elementor-button elementor-button-link elementor-size-sm\" href=\"https:\/\/docs.google.com\/forms\/d\/e\/1FAIpQLSenfyBl-DO4cBDHSkUBCRsB_-vui36qCFSCMiR6LkYclNfglA\/viewform\">\n\t\t\t\t\t\t<span class=\"elementor-button-content-wrapper\">\n\t\t\t\t\t\t\t\t\t<span class=\"elementor-button-text\">Je m\u2019inscris au programme<\/span>\n\t\t\t\t\t<\/span>\n\t\t\t\t\t<\/a>\n\t\t\t\t\t\t\t\t<\/div>\n\t\t\t\t<div class=\"elementor-element elementor-element-22d4818 elementor-widget elementor-widget-text-editor\" data-id=\"22d4818\" data-element_type=\"widget\" data-e-type=\"widget\" data-widget_type=\"text-editor.default\">\n\t\t\t\t\t\t\t\t\t<p class=\"p1\"><b>Inscription simple \u2013 places limit\u00e9es<\/b><\/p>\t\t\t\t\t\t\t\t<\/div>\n\t\t\t\t\t<\/div>\n\t\t\t\t<\/div>\n\t\t\t\t<\/div>\n\t\t","protected":false},"excerpt":{"rendered":"<p>PROGRAMME D&rsquo;ACCOMPAGNEMENT Premi\u00e8re Chance Premi\u00e8re Chance est un programme d\u2019accompagnement mis en oeuvre \u00e0 Garges-l\u00e8s-Gonesse et destin\u00e9 aux jeunes \u00e0 partir de 16 ans pour les aider \u00e0 mieux se conna\u00eetre, comprendre le monde professionnel et pr\u00e9parer leur insertion. Le programme propose un parcours progressif m\u00ealant ateliers collectifs et rencontres avec des professionnels. Voir les [&hellip;]<\/p>\n","protected":false},"author":1,"featured_media":0,"parent":0,"menu_order":0,"comment_status":"closed","ping_status":"closed","template":"","meta":{"footnotes":""},"class_list":["post-2145","page","type-page","status-publish","hentry"],"yoast_head":"<!-- This site is optimized with the Yoast SEO plugin v27.5 - https:\/\/yoast.com\/product\/yoast-seo-wordpress\/ -->\n<title>Le programme - Premi\u00e8re Chance<\/title>\n<meta name=\"robots\" content=\"index, follow, max-snippet:-1, max-image-preview:large, max-video-preview:-1\" \/>\n<link rel=\"canonical\" href=\"https:\/\/premierechance.fr\/?page_id=2145\" \/>\n<meta property=\"og:locale\" content=\"fr_FR\" \/>\n<meta property=\"og:type\" content=\"article\" \/>\n<meta property=\"og:title\" content=\"Le programme - Premi\u00e8re Chance\" \/>\n<meta property=\"og:description\" content=\"PROGRAMME D&rsquo;ACCOMPAGNEMENT Premi\u00e8re Chance Premi\u00e8re Chance est un programme d\u2019accompagnement mis en oeuvre \u00e0 Garges-l\u00e8s-Gonesse et destin\u00e9 aux jeunes \u00e0 partir de 16 ans pour les aider \u00e0 mieux se conna\u00eetre, comprendre le monde professionnel et pr\u00e9parer leur insertion. Le programme propose un parcours progressif m\u00ealant ateliers collectifs et rencontres avec des professionnels. Voir les [&hellip;]\" \/>\n<meta property=\"og:url\" content=\"https:\/\/premierechance.fr\/?page_id=2145\" \/>\n<meta property=\"og:site_name\" content=\"Premi\u00e8re Chance\" \/>\n<meta property=\"article:modified_time\" content=\"2026-04-14T09:10:25+00:00\" \/>\n<meta property=\"og:image\" content=\"https:\/\/premierechance.fr\/wp-content\/uploads\/2026\/03\/Premiere_Chance_-16-copie.jpg\" \/>\n\t<meta property=\"og:image:width\" content=\"1280\" \/>\n\t<meta property=\"og:image:height\" content=\"927\" \/>\n\t<meta property=\"og:image:type\" content=\"image\/jpeg\" \/>\n<meta name=\"twitter:card\" content=\"summary_large_image\" \/>\n<meta name=\"twitter:label1\" content=\"Dur\u00e9e de lecture estim\u00e9e\" \/>\n\t<meta name=\"twitter:data1\" content=\"3 minutes\" \/>\n<script type=\"application\/ld+json\" class=\"yoast-schema-graph\">{\"@context\":\"https:\\\/\\\/schema.org\",\"@graph\":[{\"@type\":\"WebPage\",\"@id\":\"https:\\\/\\\/premierechance.fr\\\/?page_id=2145\",\"url\":\"https:\\\/\\\/premierechance.fr\\\/?page_id=2145\",\"name\":\"Le programme - Premi\u00e8re Chance\",\"isPartOf\":{\"@id\":\"https:\\\/\\\/premierechance.fr\\\/#website\"},\"primaryImageOfPage\":{\"@id\":\"https:\\\/\\\/premierechance.fr\\\/?page_id=2145#primaryimage\"},\"image\":{\"@id\":\"https:\\\/\\\/premierechance.fr\\\/?page_id=2145#primaryimage\"},\"thumbnailUrl\":\"http:\\\/\\\/premierechance.fr\\\/wp-content\\\/uploads\\\/2026\\\/03\\\/Premiere_Chance_-16-copie-1024x742.jpg\",\"datePublished\":\"2026-03-14T16:07:49+00:00\",\"dateModified\":\"2026-04-14T09:10:25+00:00\",\"breadcrumb\":{\"@id\":\"https:\\\/\\\/premierechance.fr\\\/?page_id=2145#breadcrumb\"},\"inLanguage\":\"fr-FR\",\"potentialAction\":[{\"@type\":\"ReadAction\",\"target\":[\"https:\\\/\\\/premierechance.fr\\\/?page_id=2145\"]}]},{\"@type\":\"ImageObject\",\"inLanguage\":\"fr-FR\",\"@id\":\"https:\\\/\\\/premierechance.fr\\\/?page_id=2145#primaryimage\",\"url\":\"https:\\\/\\\/premierechance.fr\\\/wp-content\\\/uploads\\\/2026\\\/03\\\/Premiere_Chance_-16-copie.jpg\",\"contentUrl\":\"https:\\\/\\\/premierechance.fr\\\/wp-content\\\/uploads\\\/2026\\\/03\\\/Premiere_Chance_-16-copie.jpg\",\"width\":1280,\"height\":927},{\"@type\":\"BreadcrumbList\",\"@id\":\"https:\\\/\\\/premierechance.fr\\\/?page_id=2145#breadcrumb\",\"itemListElement\":[{\"@type\":\"ListItem\",\"position\":1,\"name\":\"Accueil\",\"item\":\"https:\\\/\\\/premierechance.fr\\\/\"},{\"@type\":\"ListItem\",\"position\":2,\"name\":\"Le programme\"}]},{\"@type\":\"WebSite\",\"@id\":\"https:\\\/\\\/premierechance.fr\\\/#website\",\"url\":\"https:\\\/\\\/premierechance.fr\\\/\",\"name\":\"Premi\u00e8re Chance\",\"description\":\"Au service de l&#039;insertion des jeunes\",\"publisher\":{\"@id\":\"https:\\\/\\\/premierechance.fr\\\/#organization\"},\"potentialAction\":[{\"@type\":\"SearchAction\",\"target\":{\"@type\":\"EntryPoint\",\"urlTemplate\":\"https:\\\/\\\/premierechance.fr\\\/?s={search_term_string}\"},\"query-input\":{\"@type\":\"PropertyValueSpecification\",\"valueRequired\":true,\"valueName\":\"search_term_string\"}}],\"inLanguage\":\"fr-FR\"},{\"@type\":\"Organization\",\"@id\":\"https:\\\/\\\/premierechance.fr\\\/#organization\",\"name\":\"Premi\u00e8re Chance\",\"url\":\"https:\\\/\\\/premierechance.fr\\\/\",\"logo\":{\"@type\":\"ImageObject\",\"inLanguage\":\"fr-FR\",\"@id\":\"https:\\\/\\\/premierechance.fr\\\/#\\\/schema\\\/logo\\\/image\\\/\",\"url\":\"https:\\\/\\\/premierechance.fr\\\/wp-content\\\/uploads\\\/2026\\\/02\\\/logo-premiere-chance.png\",\"contentUrl\":\"https:\\\/\\\/premierechance.fr\\\/wp-content\\\/uploads\\\/2026\\\/02\\\/logo-premiere-chance.png\",\"width\":600,\"height\":600,\"caption\":\"Premi\u00e8re Chance\"},\"image\":{\"@id\":\"https:\\\/\\\/premierechance.fr\\\/#\\\/schema\\\/logo\\\/image\\\/\"}}]}<\/script>\n<!-- \/ Yoast SEO plugin. -->","yoast_head_json":{"title":"Le programme - Premi\u00e8re Chance","robots":{"index":"index","follow":"follow","max-snippet":"max-snippet:-1","max-image-preview":"max-image-preview:large","max-video-preview":"max-video-preview:-1"},"canonical":"https:\/\/premierechance.fr\/?page_id=2145","og_locale":"fr_FR","og_type":"article","og_title":"Le programme - Premi\u00e8re Chance","og_description":"PROGRAMME D&rsquo;ACCOMPAGNEMENT Premi\u00e8re Chance Premi\u00e8re Chance est un programme d\u2019accompagnement mis en oeuvre \u00e0 Garges-l\u00e8s-Gonesse et destin\u00e9 aux jeunes \u00e0 partir de 16 ans pour les aider \u00e0 mieux se conna\u00eetre, comprendre le monde professionnel et pr\u00e9parer leur insertion. Le programme propose un parcours progressif m\u00ealant ateliers collectifs et rencontres avec des professionnels. Voir les [&hellip;]","og_url":"https:\/\/premierechance.fr\/?page_id=2145","og_site_name":"Premi\u00e8re Chance","article_modified_time":"2026-04-14T09:10:25+00:00","og_image":[{"width":1280,"height":927,"url":"https:\/\/premierechance.fr\/wp-content\/uploads\/2026\/03\/Premiere_Chance_-16-copie.jpg","type":"image\/jpeg"}],"twitter_card":"summary_large_image","twitter_misc":{"Dur\u00e9e de lecture estim\u00e9e":"3 minutes"},"schema":{"@context":"https:\/\/schema.org","@graph":[{"@type":"WebPage","@id":"https:\/\/premierechance.fr\/?page_id=2145","url":"https:\/\/premierechance.fr\/?page_id=2145","name":"Le programme - Premi\u00e8re Chance","isPartOf":{"@id":"https:\/\/premierechance.fr\/#website"},"primaryImageOfPage":{"@id":"https:\/\/premierechance.fr\/?page_id=2145#primaryimage"},"image":{"@id":"https:\/\/premierechance.fr\/?page_id=2145#primaryimage"},"thumbnailUrl":"http:\/\/premierechance.fr\/wp-content\/uploads\/2026\/03\/Premiere_Chance_-16-copie-1024x742.jpg","datePublished":"2026-03-14T16:07:49+00:00","dateModified":"2026-04-14T09:10:25+00:00","breadcrumb":{"@id":"https:\/\/premierechance.fr\/?page_id=2145#breadcrumb"},"inLanguage":"fr-FR","potentialAction":[{"@type":"ReadAction","target":["https:\/\/premierechance.fr\/?page_id=2145"]}]},{"@type":"ImageObject","inLanguage":"fr-FR","@id":"https:\/\/premierechance.fr\/?page_id=2145#primaryimage","url":"https:\/\/premierechance.fr\/wp-content\/uploads\/2026\/03\/Premiere_Chance_-16-copie.jpg","contentUrl":"https:\/\/premierechance.fr\/wp-content\/uploads\/2026\/03\/Premiere_Chance_-16-copie.jpg","width":1280,"height":927},{"@type":"BreadcrumbList","@id":"https:\/\/premierechance.fr\/?page_id=2145#breadcrumb","itemListElement":[{"@type":"ListItem","position":1,"name":"Accueil","item":"https:\/\/premierechance.fr\/"},{"@type":"ListItem","position":2,"name":"Le programme"}]},{"@type":"WebSite","@id":"https:\/\/premierechance.fr\/#website","url":"https:\/\/premierechance.fr\/","name":"Premi\u00e8re Chance","description":"Au service de l&#039;insertion des jeunes","publisher":{"@id":"https:\/\/premierechance.fr\/#organization"},"potentialAction":[{"@type":"SearchAction","target":{"@type":"EntryPoint","urlTemplate":"https:\/\/premierechance.fr\/?s={search_term_string}"},"query-input":{"@type":"PropertyValueSpecification","valueRequired":true,"valueName":"search_term_string"}}],"inLanguage":"fr-FR"},{"@type":"Organization","@id":"https:\/\/premierechance.fr\/#organization","name":"Premi\u00e8re Chance","url":"https:\/\/premierechance.fr\/","logo":{"@type":"ImageObject","inLanguage":"fr-FR","@id":"https:\/\/premierechance.fr\/#\/schema\/logo\/image\/","url":"https:\/\/premierechance.fr\/wp-content\/uploads\/2026\/02\/logo-premiere-chance.png","contentUrl":"https:\/\/premierechance.fr\/wp-content\/uploads\/2026\/02\/logo-premiere-chance.png","width":600,"height":600,"caption":"Premi\u00e8re Chance"},"image":{"@id":"https:\/\/premierechance.fr\/#\/schema\/logo\/image\/"}}]}},"_links":{"self":[{"href":"https:\/\/premierechance.fr\/index.php?rest_route=\/wp\/v2\/pages\/2145","targetHints":{"allow":["GET"]}}],"collection":[{"href":"https:\/\/premierechance.fr\/index.php?rest_route=\/wp\/v2\/pages"}],"about":[{"href":"https:\/\/premierechance.fr\/index.php?rest_route=\/wp\/v2\/types\/page"}],"author":[{"embeddable":true,"href":"https:\/\/premierechance.fr\/index.php?rest_route=\/wp\/v2\/users\/1"}],"replies":[{"embeddable":true,"href":"https:\/\/premierechance.fr\/index.php?rest_route=%2Fwp%2Fv2%2Fcomments&post=2145"}],"version-history":[{"count":82,"href":"https:\/\/premierechance.fr\/index.php?rest_route=\/wp\/v2\/pages\/2145\/revisions"}],"predecessor-version":[{"id":2252,"href":"https:\/\/premierechance.fr\/index.php?rest_route=\/wp\/v2\/pages\/2145\/revisions\/2252"}],"wp:attachment":[{"href":"https:\/\/premierechance.fr\/index.php?rest_route=%2Fwp%2Fv2%2Fmedia&parent=2145"}],"curies":[{"name":"wp","href":"https:\/\/api.w.org\/{rel}","templated":true}]}}